{"id":1525,"date":"2023-04-19T10:59:02","date_gmt":"2023-04-19T08:59:02","guid":{"rendered":"https:\/\/www.emago.si\/?page_id=1525"},"modified":"2023-04-19T14:16:47","modified_gmt":"2023-04-19T12:16:47","slug":"vrste-tal-odrov","status":"publish","type":"page","link":"https:\/\/www.emago.si\/index.php\/prireditveni-odri\/vrste-tal-odrov\/","title":{"rendered":"Vrste tal odrov"},"content":{"rendered":"\n\n\t<h2>Vrste tal odrov<\/h2>\n<table border=\"0\">\n<tbody>\n<tr>\n<td><img decoding=\"async\" loading=\"lazy\" src=\"https:\/\/www.emago.si\/wp-content\/uploads\/2023\/04\/001.jpg\" alt=\"\" width=\"140\" height=\"95\" \/><\/td>\n\n<td>Lesena lepljena plo\u0161\u010da s 5 kratno obdelavo, barva natur, mo\u017ene tudi naslednje barve: srednje rjava, \u010drna, barva hrasta, lakirana po RAL ali barvana z dvokomponentnim lakom.<\/td>\n<\/tr>\n<\/tbody>\n<\/table>\n<hr \/>\n<table border=\"0\">\n<tbody>\n<tr>\n<td><img decoding=\"async\" loading=\"lazy\" src=\"https:\/\/www.emago.si\/wp-content\/uploads\/2023\/04\/002.jpg\" alt=\"\" width=\"140\" height=\"95\" \/><\/td>\n\n<td>Pegulan- PVC masa deb. 2mm + lesena lepljena plo\u0161\u010da, siva- mo\u017ene tudi druge barve.<\/td>\n<\/tr>\n<\/tbody>\n<\/table>\n<hr \/>\n<table border=\"0\">\n<tbody>\n<tr>\n<td><img decoding=\"async\" loading=\"lazy\" src=\"https:\/\/www.emago.si\/wp-content\/uploads\/2023\/04\/003.jpg\" alt=\"\" width=\"144\" height=\"98\" \/><\/td>\n\n<td>Bel itison- dobavljiv tudi v drugih barvah.<\/td>\n<\/tr>\n<\/tbody>\n<\/table>\n<hr \/>\n<table border=\"0\">\n<tbody>\n<tr>\n<td><img decoding=\"async\" loading=\"lazy\" src=\"https:\/\/www.emago.si\/wp-content\/uploads\/2023\/04\/004.jpg\" alt=\"\" width=\"144\" height=\"98\" \/><\/td>\n\n<td>&#8220;Umetna trava&#8221; dobavljiva v razli\u010dnih barvah.<\/td>\n<\/tr>\n<\/tbody>\n<\/table>\n<hr \/>\n<table border=\"0\">\n<tbody>\n<tr>\n<td><img decoding=\"async\" loading=\"lazy\" src=\"https:\/\/www.emago.si\/wp-content\/uploads\/2023\/04\/005.jpg\" alt=\"\" width=\"144\" height=\"98\" \/><\/td>\n\n<td>Mediapan plo\u0161\u010da natur, dobavljiva tudi v srednje rjavi, \u010drni, v barvi hrasta ali lakirano po RAL.<\/td>\n<\/tr>\n<\/tbody>\n<\/table>\n<hr \/>\n<table border=\"0\">\n<tbody>\n<tr>\n<td><img decoding=\"async\" loading=\"lazy\" src=\"https:\/\/www.emago.si\/wp-content\/uploads\/2023\/04\/006.jpg\" alt=\"\" width=\"144\" height=\"98\" \/><\/td>\n\n<td>Plo\u010devina Quartett.<\/td>\n<\/tr>\n<\/tbody>\n<\/table>\n<hr \/>\n<table border=\"0\">\n<tbody>\n<tr>\n<td><img decoding=\"async\" loading=\"lazy\" src=\"https:\/\/www.emago.si\/wp-content\/uploads\/2023\/04\/007.jpg\" alt=\"\" width=\"144\" height=\"98\" \/><\/td>\n\n<td>Mre\u017easta re\u0161etka primerna tudi za zunanjo uporabo.<\/td>\n<\/tr>\n<\/tbody>\n<\/table>\n<hr \/>\n<table border=\"0\">\n<tbody>\n<tr>\n<td><img decoding=\"async\" loading=\"lazy\" src=\"https:\/\/www.emago.si\/wp-content\/uploads\/2023\/04\/008.jpg\" alt=\"\" width=\"144\" height=\"98\" \/><\/td>\n\n<td>Lesena lepljena plo\u0161\u010da, deb. 21 cm, srednje rjave barve, 2x premazana z UV obstojnim lakom, za notranjo uporabo.<\/td>\n<\/tr>\n<\/tbody>\n<\/table>\n<hr \/>\n<table border=\"0\">\n<tbody>\n<tr>\n<td><img decoding=\"async\" loading=\"lazy\" src=\"https:\/\/www.emago.si\/wp-content\/uploads\/2023\/04\/009.jpg\" alt=\"\" width=\"144\" height=\"98\" \/><\/td>\n\n<td>Gumijasta tla s \u010depki, dobavljiva v razli\u010dnih barvah.<\/td>\n<\/tr>\n<\/tbody>\n<\/table>\n<hr \/>\n<table border=\"0\">\n<tbody>\n<tr>\n<td><img decoding=\"async\" loading=\"lazy\" src=\"https:\/\/www.emago.si\/wp-content\/uploads\/2023\/04\/10.jpg\" alt=\"\" width=\"144\" height=\"98\" \/><\/td>\n\n<td>Vezana plo\u0161\u010da, temno rjava, popolnoma vodoodporna, primerna\u00a0 za zunanjo uporabo.<\/td>\n<\/tr>\n<\/tbody>\n<\/table>\n<hr \/>\n<table border=\"0\">\n<tbody>\n<tr>\n<td><img decoding=\"async\" loading=\"lazy\" src=\"https:\/\/www.emago.si\/wp-content\/uploads\/2023\/04\/11.jpg\" alt=\"\" width=\"144\" height=\"98\" \/><\/td>\n\n<td>Hrastov parket ali hrastov laminat.<\/td>\n<\/tr>\n<\/tbody>\n<\/table>\n<hr \/>\n<table border=\"0\">\n<tbody>\n<tr>\n<td><img decoding=\"async\" loading=\"lazy\" src=\"https:\/\/www.emago.si\/wp-content\/uploads\/2023\/04\/12.jpg\" alt=\"\" width=\"144\" height=\"98\" \/><\/td>\n\n<td>Bukov parket ali bukov laminat.<\/td>\n<\/tr>\n<\/tbody>\n<\/table>\n<hr \/>\n\n","protected":false},"excerpt":{"rendered":"<p>Vrste tal odrov Lesena lepljena plo\u0161\u010da s 5 kratno obdelavo, barva natur, mo\u017ene tudi naslednje barve: srednje rjava, \u010drna, barva hrasta, lakirana po RAL ali barvana z dvokomponentnim lakom. Pegulan- PVC masa deb. 2mm + lesena lepljena plo\u0161\u010da, siva- mo\u017ene tudi druge barve. Bel itison- dobavljiv tudi v drugih barvah. &#8220;Umetna trava&#8221; dobavljiva v razli\u010dnih barvah. Mediapan plo\u0161\u010da natur, dobavljiva [&hellip;]<\/p>\n","protected":false},"author":1,"featured_media":0,"parent":1086,"menu_order":0,"comment_status":"closed","ping_status":"closed","template":"","meta":{"ngg_post_thumbnail":0},"_links":{"self":[{"href":"https:\/\/www.emago.si\/index.php\/wp-json\/wp\/v2\/pages\/1525"}],"collection":[{"href":"https:\/\/www.emago.si\/index.php\/wp-json\/wp\/v2\/pages"}],"about":[{"href":"https:\/\/www.emago.si\/index.php\/wp-json\/wp\/v2\/types\/page"}],"author":[{"embeddable":true,"href":"https:\/\/www.emago.si\/index.php\/wp-json\/wp\/v2\/users\/1"}],"replies":[{"embeddable":true,"href":"https:\/\/www.emago.si\/index.php\/wp-json\/wp\/v2\/comments?post=1525"}],"version-history":[{"count":5,"href":"https:\/\/www.emago.si\/index.php\/wp-json\/wp\/v2\/pages\/1525\/revisions"}],"predecessor-version":[{"id":1602,"href":"https:\/\/www.emago.si\/index.php\/wp-json\/wp\/v2\/pages\/1525\/revisions\/1602"}],"up":[{"embeddable":true,"href":"https:\/\/www.emago.si\/index.php\/wp-json\/wp\/v2\/pages\/1086"}],"wp:attachment":[{"href":"https:\/\/www.emago.si\/index.php\/wp-json\/wp\/v2\/media?parent=1525"}],"curies":[{"name":"wp","href":"https:\/\/api.w.org\/{rel}","templated":true}]}}